{"id":18,"date":"2024-08-02T09:59:59","date_gmt":"2024-08-02T13:59:59","guid":{"rendered":"http:\/\/localhost\/wordpress\/?page_id=18"},"modified":"2025-03-21T10:15:18","modified_gmt":"2025-03-21T14:15:18","slug":"responsabilidad-social","status":"publish","type":"page","link":"https:\/\/conatel.gob.ve\/?page_id=18","title":{"rendered":"Responsabilidad Social"},"content":{"rendered":"\n<div class=\"wp-block-stackable-columns stk-block-columns stk-block stk-91115dd\" data-block-id=\"91115dd\"><div class=\"stk-row stk-inner-blocks stk-block-content stk-content-align stk-91115dd-column\">\n<div class=\"wp-block-stackable-column stk-block-column stk-column stk-block stk-8d30e0b\" data-v=\"4\" data-block-id=\"8d30e0b\"><style>@media screen and (min-width:690px){.stk-8d30e0b {flex:var(--stk-flex-grow, 1) 1 calc(15% - var(--stk-column-gap, 0px) * 1 \/ 2 ) !important;}}<\/style><div class=\"stk-column-wrapper stk-block-column__content stk-container stk-8d30e0b-container stk--no-background stk--no-padding\"><div class=\"stk-block-content stk-inner-blocks stk-8d30e0b-inner-blocks\"><\/div><\/div><\/div>\n\n\n\n<div class=\"wp-block-stackable-column stk-block-column stk-column stk-block stk-61b0363\" data-v=\"4\" data-block-id=\"61b0363\"><style>@media screen and (min-width:690px){.stk-61b0363 {flex:var(--stk-flex-grow, 1) 1 calc(85% - var(--stk-column-gap, 0px) * 1 \/ 2 ) !important;}}<\/style><div class=\"stk-column-wrapper stk-block-column__content stk-container stk-61b0363-container stk--no-background stk--no-padding\"><div class=\"stk-block-content stk-inner-blocks stk-61b0363-inner-blocks\">\n<div class=\"wp-block-stackable-tabs stk-block-tabs stk-block stk-8689385\" data-initial-tab=\"1\" data-block-id=\"8689385\"><style>.stk-8689385 .stk-block-tab-content .stk-block-content .stk-block-column[hidden]{display:none !important;}<\/style><div class=\"stk-row stk-inner-blocks stk-block-content stk-block-tabs--horizontal stk-block-tabs--fade stk-content-align stk-8689385-column\">\n<div class=\"wp-block-stackable-tab-labels stk-block-tab-labels stk-block stk-403e319 stk-block-background is-style-centered-pills\" data-block-id=\"403e319\"><style>.stk-403e319 .stk-block-tabs__tab{color:var(--theme-palette-color-7, #FAFBFC) !important;padding-top:8px !important;padding-right:24px !important;padding-bottom:8px !important;padding-left:24px !important;background:#2c5aa0 !important;border-top-left-radius:50px !important;border-top-right-radius:50px !important;border-bottom-right-radius:50px !important;border-bottom-left-radius:50px !important;}.stk-403e319 .stk-block-tabs__tab.stk-block-tabs__tab--active .stk-block-tab-labels__text{color:#ffffff !important;}.stk-403e319 {border-top-left-radius:50px !important;border-top-right-radius:50px !important;border-bottom-right-radius:50px !important;border-bottom-left-radius:50px !important;overflow:hidden !important;padding-top:8px !important;padding-right:8px !important;padding-bottom:8px !important;padding-left:8px !important;margin-right:auto !important;margin-left:auto !important;}.stk-403e319 .stk-block-tab-labels__text{color:var(--theme-palette-color-7, #FAFBFC) !important;}.stk-403e319 .stk-block-tabs__tab:not(.stk-block-tabs__tab--active):hover{background:#dddddd !important;opacity:1 !important;}.stk-403e319 .stk-block-tabs__tab .stk--inner-svg svg:last-child, .stk-403e319 .stk-block-tabs__tab .stk--inner-svg svg:last-child :is(g, path, rect, polygon, ellipse){fill:#777777 !important;}.stk-403e319 .stk-block-tabs__tab:not(.stk-block-tabs__tab--active):hover .stk--inner-svg svg:last-child, .stk-403e319 .stk-block-tabs__tab:not(.stk-block-tabs__tab--active):hover .stk--inner-svg svg:last-child :is(g, path, rect, polygon, ellipse){fill:#000000 !important;}.stk-403e319 .stk-block-tabs__tab.stk-block-tabs__tab--active{background:#0089fc !important;}.stk-403e319 .stk-block-tabs__tab.stk-block-tabs__tab--active .stk--inner-svg svg:last-child, .stk-403e319 .stk-block-tabs__tab.stk-block-tabs__tab--active .stk--inner-svg svg:last-child :is(g, path, rect, polygon, ellipse){fill:#ffffff !important;}<\/style><div class=\"stk-block-tab-labels__wrapper\" role=\"tablist\"><button class=\"stk-block-tabs__tab\" role=\"tab\"><div class=\"stk-block-tab-labels__text\"><span>Fondo<\/span><\/div><\/button><button class=\"stk-block-tabs__tab\" role=\"tab\"><div class=\"stk-block-tab-labels__text\"><span>Informe Anual<\/span><\/div><\/button><button class=\"stk-block-tabs__tab\" role=\"tab\"><div class=\"stk-block-tab-labels__text\"><span>Directorio<\/span><\/div><\/button><button class=\"stk-block-tabs__tab\" role=\"tab\"><div class=\"stk-block-tab-labels__text\"><span>Competencias<\/span><\/div><\/button><button class=\"stk-block-tabs__tab\" role=\"tab\"><div class=\"stk-block-tab-labels__text\"><span>Comunicados<\/span><\/div><\/button><button class=\"stk-block-tabs__tab\" role=\"tab\"><div class=\"stk-block-tab-labels__text\"><span>Organizaci\u00f3n de Usuarios<\/span><\/div><\/button><\/div><\/div>\n\n\n\n<div class=\"wp-block-stackable-tab-content stk-block-tab-content stk-block stk-caf0229\" data-block-id=\"caf0229\"><div class=\"stk-row stk-inner-blocks stk-block-content stk-content-align stk-caf0229-column\">\n<div class=\"wp-block-stackable-column stk-block-column stk-column stk-block stk-d8344c7\" data-v=\"4\" role=\"tabpanel\" data-block-id=\"d8344c7\"><div class=\"stk-column-wrapper stk-block-column__content stk-container stk-d8344c7-container stk--no-background stk--no-padding\"><div class=\"stk-block-content stk-inner-blocks stk-d8344c7-inner-blocks\">\n<div class=\"wp-block-stackable-heading stk-block-heading stk-block-heading--v2 stk-block stk-b4972c3\" id=\"strong-que-es-el-fondo-de-responsabilidad-social-strong\" data-block-id=\"b4972c3\"><style>.stk-b4972c3 {margin-bottom:5px !important;}.stk-b4972c3 .stk-block-heading__text{font-size:20px !important;color:#2c5aa0 !important;}@media screen and (max-width:999px){.stk-b4972c3 .stk-block-heading__text{font-size:20px !important;}}<\/style><h2 class=\"stk-block-heading__text has-text-color\"><strong>\u00bfQu\u00e9 es el Fondo de Responsabilidad Social?<\/strong><\/h2><\/div>\n\n\n\n<p class=\"justificar has-medium-font-size\">Fondo de Responsabilidad Social. Es el fondo de financiamiento de proyectos para el desarrollo y fomento de la producci\u00f3n nacional, de capacitaci\u00f3n de productores o productoras nacionales de obras audiovisuales o sonoras para radio y televisi\u00f3n, de educaci\u00f3n para percepci\u00f3n cr\u00edtica de los mensajes difundidos por los servicios de radio y televisi\u00f3n, y de investigaci\u00f3n relacionada con la comunicaci\u00f3n y difusi\u00f3n de mensajes a trav\u00e9s de los servicios de radio y televisi\u00f3n.<\/p>\n\n\n\n<div class=\"wp-block-stackable-heading stk-block-heading stk-block-heading--v2 stk-block stk-0f93027\" id=\"strong-strong-de-donde-provienen-los-recursos-strong-strong\" data-block-id=\"0f93027\"><style>.stk-0f93027 {margin-bottom:5px !important;}.stk-0f93027 .stk-block-heading__text{font-size:20px !important;color:#2c5aa0 !important;}@media screen and (max-width:999px){.stk-0f93027 .stk-block-heading__text{font-size:20px !important;}}<\/style><h2 class=\"stk-block-heading__text has-text-color\"><strong><strong>\u00bfDe d\u00f3nde provienen los recursos?<\/strong><\/strong><\/h2><\/div>\n\n\n\n<ul class=\"wp-block-list\">\n<li>De la contribuci\u00f3n parafiscal, de conformidad con lo previsto en la Ley de Responsabilidad Social en Radio, Televisi\u00f3n y Medios Electr\u00f3nicos.<\/li>\n\n\n\n<li>De los aportes que a t\u00edtulo de donaci\u00f3n hagan al mismo cualquier persona natural o jur\u00eddica p\u00fablica o privada.<\/li>\n\n\n\n<li>De las multas impuestas de conformidad con la Ley de Responsabilidad Social en Radio, Televisi\u00f3n y Medios Electr\u00f3nicos.<\/li>\n\n\n\n<li>De los intereses que se generen por los dep\u00f3sitos, colocaciones o de otros conceptos que se deriven del uso de los recursos del mismo.<\/li>\n<\/ul>\n\n\n\n<div class=\"wp-block-stackable-heading stk-block-heading stk-block-heading--v2 stk-block stk-ebc72eb\" id=\"strong-strong-strong-que-busca-el-fondo-de-responsabilidad-social-con-el-financiamiento-de-proyectos-strong-strong-strong\" data-block-id=\"ebc72eb\"><style>.stk-ebc72eb {margin-bottom:5px !important;}.stk-ebc72eb .stk-block-heading__text{font-size:20px !important;color:#2c5aa0 !important;}@media screen and (max-width:999px){.stk-ebc72eb .stk-block-heading__text{font-size:20px !important;}}<\/style><h2 class=\"stk-block-heading__text has-text-color\"><strong><strong><strong>\u00bfQu\u00e9 busca el Fondo de Responsabilidad Social con el financiamiento de proyectos?<\/strong><\/strong><\/strong><\/h2><\/div>\n\n\n\n<p class=\"justificar has-medium-font-size\">Con el financiamiento de proyectos el Fondo de Responsabilidad busca crear pol\u00edticas de estado que ayuden a nutrir de manera positiva los medios de comunicaci\u00f3n, e incentivar a la producci\u00f3n nacional a crear contenidos \u00f3ptimos, que eduquen, ense\u00f1en, promuevan y fomenten los valores culturales de nuestra patria, la integraci\u00f3n de personas con discapacidad, as\u00ed como el fortalecimiento de las organizaciones de usuarias y usuarios de los servicios de radio, televisi\u00f3n y medios electr\u00f3nicos en el \u00e1mbito de percepci\u00f3n cr\u00edtica.<\/p>\n\n\n\n<p class=\"justificar has-medium-font-size\">Esto trae como consecuencia una mejora en la econom\u00eda de nuestro pa\u00eds porque con la realizaci\u00f3n de los proyectos se crean fuentes de trabajo y fortalecemos la identidad nacional.<\/p>\n\n\n\n<p class=\"has-text-align-center has-medium-font-size\"><strong>Para mayor informaci\u00f3n o asesor\u00eda comunicarse al: 0212 (909-04-30) o escribir al correo proyectosfrs@conatel.gob.ve<\/strong><\/p>\n<\/div><\/div><\/div>\n\n\n\n<div class=\"wp-block-stackable-column stk-block-column stk-column stk-block stk-43948fe\" data-v=\"4\" role=\"tabpanel\" data-block-id=\"43948fe\"><div class=\"stk-column-wrapper stk-block-column__content stk-container stk-43948fe-container stk--no-background stk--no-padding\"><div class=\"stk-block-content stk-inner-blocks stk-43948fe-inner-blocks\">\n<div class=\"wp-block-stackable-heading stk-block-heading stk-block-heading--v2 stk-block stk-52bd8a8\" id=\"estados-financieros-por-anos-terminad\" data-block-id=\"52bd8a8\"><style>.stk-52bd8a8 .stk-block-heading__text{font-size:20px !important;color:#2c5aa0 !important;}@media screen and (max-width:999px){.stk-52bd8a8 .stk-block-heading__text{font-size:20px !important;}}<\/style><h1 class=\"stk-block-heading__text has-text-color has-text-align-center\">Estados Financieros por a\u00f1os Terminados<\/h1><\/div>\n\n\n\n<div class=\"wp-block-stackable-columns stk-block-columns stk-block stk-c4eca19 stk-block-background\" data-block-id=\"c4eca19\"><style>.stk-c4eca19 {background-color:#e9e9ec !important;border-top-left-radius:20px !important;border-top-right-radius:20px !important;border-bottom-right-radius:20px !important;border-bottom-left-radius:20px !important;overflow:hidden !important;margin-bottom:10px !important;}.stk-c4eca19:before{background-color:#e9e9ec !important;}<\/style><div class=\"stk-row stk-inner-blocks stk-block-content stk-content-align stk-c4eca19-column\">\n<div class=\"wp-block-stackable-column stk-block-column stk-column stk-block stk-ee1c975\" data-v=\"4\" data-block-id=\"ee1c975\"><style>.stk-ee1c975 {align-self:center !important;}.stk-ee1c975-inner-blocks{justify-content:center !important;}@media screen and (min-width:690px){.stk-ee1c975 {flex:var(--stk-flex-grow, 1) 1 calc(60% - var(--stk-column-gap, 0px) * 2 \/ 3 ) !important;}}<\/style><div class=\"stk-column-wrapper stk-block-column__content stk-container stk-ee1c975-container stk--no-background stk--no-padding\"><div class=\"stk--column-flex stk-block-content stk-inner-blocks stk-ee1c975-inner-blocks\">\n<p class=\"has-text-align-center has-palette-color-4-color has-palette-color-7-background-color has-text-color has-background has-link-color has-medium-font-size wp-elements-1dff1a5414545f6b53aa961fa9987b70\" style=\"border-radius:0px;padding-top:var(--wp--preset--spacing--20);padding-bottom:var(--wp--preset--spacing--20)\"><img decoding=\"async\" width=\"25\" height=\"25\" class=\"wp-image-4260\" style=\"width: 25px;\" src=\"https:\/\/conatel.gob.ve\/wp-content\/uploads\/2024\/11\/descargar2.png\" alt=\"\"> <strong>Al 31 de Diciembre 2013-2012<\/strong><\/p>\n<\/div><\/div><\/div>\n\n\n\n<div class=\"wp-block-stackable-column stk-block-column stk-column stk-block stk-6af6042\" data-v=\"4\" data-block-id=\"6af6042\"><style>@media screen and (min-width:690px){.stk-6af6042 {flex:var(--stk-flex-grow, 1) 1 calc(25% - var(--stk-column-gap, 0px) * 2 \/ 3 ) !important;}}<\/style><div class=\"stk-column-wrapper stk-block-column__content stk-container stk-6af6042-container stk--no-background stk--no-padding\"><div class=\"stk-block-content stk-inner-blocks stk-6af6042-inner-blocks\">\n<div class=\"wp-block-file aligncenter has-palette-color-1-background-color has-background has-link-color wp-elements-630e5371d2a0c3c25cd99e588d678d92\" style=\"border-radius:20px;margin-top:var(--wp--preset--spacing--30);margin-right:0;margin-bottom:var(--wp--preset--spacing--30);margin-left:0;padding-top:var(--wp--preset--spacing--20);padding-right:0;padding-bottom:var(--wp--preset--spacing--20);padding-left:0\"><a id=\"wp-block-file--media-03f8162d-12d4-4f62-ab9a-eb7715d7690b\" href=\"https:\/\/conatel.gob.ve\/wp-content\/uploads\/2025\/03\/EDOS-FINANCIEROS-DICTAMEN-CONTADORES-PUBLICOS-AL-31-DE-DICIEMBRE-DE-2013-Y-2012.pdf\" target=\"_blank\" rel=\"noreferrer noopener\">Descargar Archivo<img decoding=\"async\" width=\"25\" height=\"25\" class=\"wp-image-4270\" style=\"width: 25px;\" src=\"https:\/\/conatel.gob.ve\/wp-content\/uploads\/2024\/11\/descargar4.png\" alt=\"\"><\/a><\/div>\n<\/div><\/div><\/div>\n\n\n\n<div class=\"wp-block-stackable-column stk-block-column stk-column stk-block stk-e6829f2\" data-v=\"4\" data-block-id=\"e6829f2\"><style>@media screen and (min-width:690px){.stk-e6829f2 {flex:var(--stk-flex-grow, 1) 1 calc(15.000000000000007% - var(--stk-column-gap, 0px) * 2 \/ 3 ) !important;}}<\/style><div class=\"stk-column-wrapper stk-block-column__content stk-container stk-e6829f2-container stk--no-background stk--no-padding\"><div class=\"stk-block-content stk-inner-blocks stk-e6829f2-inner-blocks\"><\/div><\/div><\/div>\n<\/div><\/div>\n\n\n\n<div class=\"wp-block-stackable-columns stk-block-columns stk-block stk-81348f7 stk-block-background\" data-block-id=\"81348f7\"><style>.stk-81348f7 {background-color:#e9e9ec !important;border-top-left-radius:20px !important;border-top-right-radius:20px !important;border-bottom-right-radius:20px !important;border-bottom-left-radius:20px !important;overflow:hidden !important;margin-bottom:10px !important;}.stk-81348f7:before{background-color:#e9e9ec !important;}<\/style><div class=\"stk-row stk-inner-blocks stk-block-content stk-content-align stk-81348f7-column\">\n<div class=\"wp-block-stackable-column stk-block-column stk-column stk-block stk-5c88ac1\" data-v=\"4\" data-block-id=\"5c88ac1\"><style>.stk-5c88ac1 {align-self:center !important;}.stk-5c88ac1-inner-blocks{justify-content:center !important;}@media screen and (min-width:690px){.stk-5c88ac1 {flex:var(--stk-flex-grow, 1) 1 calc(60% - var(--stk-column-gap, 0px) * 2 \/ 3 ) !important;}}<\/style><div class=\"stk-column-wrapper stk-block-column__content stk-container stk-5c88ac1-container stk--no-background stk--no-padding\"><div class=\"stk--column-flex stk-block-content stk-inner-blocks stk-5c88ac1-inner-blocks\">\n<p class=\"has-text-align-center has-palette-color-4-color has-palette-color-7-background-color has-text-color has-background has-link-color has-medium-font-size wp-elements-033eff3eb6719efc563aaea4a4f88bfc\" style=\"border-radius:0px;padding-top:var(--wp--preset--spacing--20);padding-bottom:var(--wp--preset--spacing--20)\"><img decoding=\"async\" width=\"25\" height=\"25\" class=\"wp-image-4260\" style=\"width: 25px;\" src=\"https:\/\/conatel.gob.ve\/wp-content\/uploads\/2024\/11\/descargar2.png\" alt=\"\"> <strong>31 de Diciembre 2014-2013<\/strong><\/p>\n<\/div><\/div><\/div>\n\n\n\n<div class=\"wp-block-stackable-column stk-block-column stk-column stk-block stk-21c5af2\" data-v=\"4\" data-block-id=\"21c5af2\"><style>@media screen and (min-width:690px){.stk-21c5af2 {flex:var(--stk-flex-grow, 1) 1 calc(25% - var(--stk-column-gap, 0px) * 2 \/ 3 ) !important;}}<\/style><div class=\"stk-column-wrapper stk-block-column__content stk-container stk-21c5af2-container stk--no-background stk--no-padding\"><div class=\"stk-block-content stk-inner-blocks stk-21c5af2-inner-blocks\">\n<div class=\"wp-block-file aligncenter has-palette-color-1-background-color has-background has-link-color wp-elements-f0afdeb17df7821056fb9864739375d0\" style=\"border-radius:20px;margin-top:var(--wp--preset--spacing--30);margin-right:0;margin-bottom:var(--wp--preset--spacing--30);margin-left:0;padding-top:var(--wp--preset--spacing--20);padding-right:0;padding-bottom:var(--wp--preset--spacing--20);padding-left:0\"><a id=\"wp-block-file--media-ab1dfddd-3ce7-45f9-9595-940c4a0d0ece\" href=\"https:\/\/conatel.gob.ve\/wp-content\/uploads\/2025\/03\/EDOS-FINANCIEROS-DICTAMEN-CONTADORES-PUBLICOS-AL-31-DE-DICIEMBRE-DE-2014-Y-2013.pdf\" target=\"_blank\" rel=\"noreferrer noopener\">Descargar Archivo<img decoding=\"async\" width=\"25\" height=\"25\" class=\"wp-image-4270\" style=\"width: 25px;\" src=\"https:\/\/conatel.gob.ve\/wp-content\/uploads\/2024\/11\/descargar4.png\" alt=\"\"><\/a><\/div>\n<\/div><\/div><\/div>\n\n\n\n<div class=\"wp-block-stackable-column stk-block-column stk-column stk-block stk-cce94fb\" data-v=\"4\" data-block-id=\"cce94fb\"><style>@media screen and (min-width:690px){.stk-cce94fb {flex:var(--stk-flex-grow, 1) 1 calc(15.000000000000007% - var(--stk-column-gap, 0px) * 2 \/ 3 ) !important;}}<\/style><div class=\"stk-column-wrapper stk-block-column__content stk-container stk-cce94fb-container stk--no-background stk--no-padding\"><div class=\"stk-block-content stk-inner-blocks stk-cce94fb-inner-blocks\"><\/div><\/div><\/div>\n<\/div><\/div>\n\n\n\n<div class=\"wp-block-stackable-columns stk-block-columns stk-block stk-665f56c stk-block-background\" data-block-id=\"665f56c\"><style>.stk-665f56c {background-color:#e9e9ec !important;border-top-left-radius:20px !important;border-top-right-radius:20px !important;border-bottom-right-radius:20px !important;border-bottom-left-radius:20px !important;overflow:hidden !important;margin-bottom:10px !important;}.stk-665f56c:before{background-color:#e9e9ec !important;}<\/style><div class=\"stk-row stk-inner-blocks stk-block-content stk-content-align stk-665f56c-column\">\n<div class=\"wp-block-stackable-column stk-block-column stk-column stk-block stk-e8d8d78\" data-v=\"4\" data-block-id=\"e8d8d78\"><style>.stk-e8d8d78 {align-self:center !important;}.stk-e8d8d78-inner-blocks{justify-content:center !important;}@media screen and (min-width:690px){.stk-e8d8d78 {flex:var(--stk-flex-grow, 1) 1 calc(60% - var(--stk-column-gap, 0px) * 2 \/ 3 ) !important;}}<\/style><div class=\"stk-column-wrapper stk-block-column__content stk-container stk-e8d8d78-container stk--no-background stk--no-padding\"><div class=\"stk--column-flex stk-block-content stk-inner-blocks stk-e8d8d78-inner-blocks\">\n<p class=\"has-text-align-center has-palette-color-4-color has-palette-color-7-background-color has-text-color has-background has-link-color has-medium-font-size wp-elements-74c9ae30c5f8ba92175614e7cdc0baf3\" style=\"border-radius:0px;padding-top:var(--wp--preset--spacing--20);padding-bottom:var(--wp--preset--spacing--20)\"><img decoding=\"async\" width=\"25\" height=\"25\" class=\"wp-image-4260\" style=\"width: 25px;\" src=\"https:\/\/conatel.gob.ve\/wp-content\/uploads\/2024\/11\/descargar2.png\" alt=\"\"> <strong>31 de Diciembre 2015-2014<\/strong><\/p>\n<\/div><\/div><\/div>\n\n\n\n<div class=\"wp-block-stackable-column stk-block-column stk-column stk-block stk-967536f\" data-v=\"4\" data-block-id=\"967536f\"><style>@media screen and (min-width:690px){.stk-967536f {flex:var(--stk-flex-grow, 1) 1 calc(25% - var(--stk-column-gap, 0px) * 2 \/ 3 ) !important;}}<\/style><div class=\"stk-column-wrapper stk-block-column__content stk-container stk-967536f-container stk--no-background stk--no-padding\"><div class=\"stk-block-content stk-inner-blocks stk-967536f-inner-blocks\">\n<div class=\"wp-block-file aligncenter has-palette-color-1-background-color has-background has-link-color wp-elements-3f0b66704d0b8553e48007007ed4c64e\" style=\"border-radius:20px;margin-top:var(--wp--preset--spacing--30);margin-right:0;margin-bottom:var(--wp--preset--spacing--30);margin-left:0;padding-top:var(--wp--preset--spacing--20);padding-right:0;padding-bottom:var(--wp--preset--spacing--20);padding-left:0\"><a id=\"wp-block-file--media-30b10fa1-2d2d-495f-9935-fa0895cf28a1\" href=\"https:\/\/conatel.gob.ve\/wp-content\/uploads\/2025\/03\/EDOS-FINANCIEROS-DICTAMEN-CONTADORES-PUBLICOS-AL-31-DE-DICIEMBRE-DE-2015-Y-2014.pdf\" target=\"_blank\" rel=\"noreferrer noopener\">Descargar Archivo<img decoding=\"async\" width=\"25\" height=\"25\" class=\"wp-image-4270\" style=\"width: 25px;\" src=\"https:\/\/conatel.gob.ve\/wp-content\/uploads\/2024\/11\/descargar4.png\" alt=\"\"><\/a><\/div>\n<\/div><\/div><\/div>\n\n\n\n<div class=\"wp-block-stackable-column stk-block-column stk-column stk-block stk-202a48e\" data-v=\"4\" data-block-id=\"202a48e\"><style>@media screen and (min-width:690px){.stk-202a48e {flex:var(--stk-flex-grow, 1) 1 calc(15.000000000000007% - var(--stk-column-gap, 0px) * 2 \/ 3 ) !important;}}<\/style><div class=\"stk-column-wrapper stk-block-column__content stk-container stk-202a48e-container stk--no-background stk--no-padding\"><div class=\"stk-block-content stk-inner-blocks stk-202a48e-inner-blocks\"><\/div><\/div><\/div>\n<\/div><\/div>\n\n\n\n<div class=\"wp-block-stackable-columns stk-block-columns stk-block stk-0a88068 stk-block-background\" data-block-id=\"0a88068\"><style>.stk-0a88068 {background-color:#e9e9ec !important;border-top-left-radius:20px !important;border-top-right-radius:20px !important;border-bottom-right-radius:20px !important;border-bottom-left-radius:20px !important;overflow:hidden !important;margin-bottom:10px !important;}.stk-0a88068:before{background-color:#e9e9ec !important;}<\/style><div class=\"stk-row stk-inner-blocks stk-block-content stk-content-align stk-0a88068-column\">\n<div class=\"wp-block-stackable-column stk-block-column stk-column stk-block stk-26f744b\" data-v=\"4\" data-block-id=\"26f744b\"><style>.stk-26f744b {align-self:center !important;}.stk-26f744b-inner-blocks{justify-content:center !important;}@media screen and (min-width:690px){.stk-26f744b {flex:var(--stk-flex-grow, 1) 1 calc(60% - var(--stk-column-gap, 0px) * 2 \/ 3 ) !important;}}<\/style><div class=\"stk-column-wrapper stk-block-column__content stk-container stk-26f744b-container stk--no-background stk--no-padding\"><div class=\"stk--column-flex stk-block-content stk-inner-blocks stk-26f744b-inner-blocks\">\n<p class=\"has-text-align-center has-palette-color-4-color has-palette-color-7-background-color has-text-color has-background has-link-color has-medium-font-size wp-elements-e245ee4f62c7068ce7ca06e26b96ab4b\" style=\"border-radius:0px;padding-top:var(--wp--preset--spacing--20);padding-bottom:var(--wp--preset--spacing--20)\"><img decoding=\"async\" width=\"25\" height=\"25\" class=\"wp-image-4260\" style=\"width: 25px;\" src=\"https:\/\/conatel.gob.ve\/wp-content\/uploads\/2024\/11\/descargar2.png\" alt=\"\"> <strong>31 de Diciembre 2016-2015<\/strong><\/p>\n<\/div><\/div><\/div>\n\n\n\n<div class=\"wp-block-stackable-column stk-block-column stk-column stk-block stk-c779737\" data-v=\"4\" data-block-id=\"c779737\"><style>@media screen and (min-width:690px){.stk-c779737 {flex:var(--stk-flex-grow, 1) 1 calc(25% - var(--stk-column-gap, 0px) * 2 \/ 3 ) !important;}}<\/style><div class=\"stk-column-wrapper stk-block-column__content stk-container stk-c779737-container stk--no-background stk--no-padding\"><div class=\"stk-block-content stk-inner-blocks stk-c779737-inner-blocks\">\n<div class=\"wp-block-file aligncenter has-palette-color-1-background-color has-background has-link-color wp-elements-e7bee748b1a991a780e2656e71723117\" style=\"border-radius:20px;margin-top:var(--wp--preset--spacing--30);margin-right:0;margin-bottom:var(--wp--preset--spacing--30);margin-left:0;padding-top:var(--wp--preset--spacing--20);padding-right:0;padding-bottom:var(--wp--preset--spacing--20);padding-left:0\"><a id=\"wp-block-file--media-45544190-486a-41c8-8b80-719a88ae7229\" href=\"https:\/\/conatel.gob.ve\/wp-content\/uploads\/2025\/03\/EDOS-FINANCIEROS-DICTAMEN-CONTADORES-PUBLICOS-AL-31-DE-DICIEMBRE-DE-2016-Y-2015.pdf\" target=\"_blank\" rel=\"noreferrer noopener\">Descargar Archivo<img decoding=\"async\" width=\"25\" height=\"25\" class=\"wp-image-4270\" style=\"width: 25px;\" src=\"https:\/\/conatel.gob.ve\/wp-content\/uploads\/2024\/11\/descargar4.png\" alt=\"\"><\/a><\/div>\n<\/div><\/div><\/div>\n\n\n\n<div class=\"wp-block-stackable-column stk-block-column stk-column stk-block stk-ced81ad\" data-v=\"4\" data-block-id=\"ced81ad\"><style>@media screen and (min-width:690px){.stk-ced81ad {flex:var(--stk-flex-grow, 1) 1 calc(15.000000000000007% - var(--stk-column-gap, 0px) * 2 \/ 3 ) !important;}}<\/style><div class=\"stk-column-wrapper stk-block-column__content stk-container stk-ced81ad-container stk--no-background stk--no-padding\"><div class=\"stk-block-content stk-inner-blocks stk-ced81ad-inner-blocks\"><\/div><\/div><\/div>\n<\/div><\/div>\n\n\n\n<div class=\"wp-block-stackable-columns stk-block-columns stk-block stk-98d543d stk-block-background\" data-block-id=\"98d543d\"><style>.stk-98d543d {background-color:#e9e9ec !important;border-top-left-radius:20px !important;border-top-right-radius:20px !important;border-bottom-right-radius:20px !important;border-bottom-left-radius:20px !important;overflow:hidden !important;margin-bottom:10px !important;}.stk-98d543d:before{background-color:#e9e9ec !important;}<\/style><div class=\"stk-row stk-inner-blocks stk-block-content stk-content-align stk-98d543d-column\">\n<div class=\"wp-block-stackable-column stk-block-column stk-column stk-block stk-bc39cbd\" data-v=\"4\" data-block-id=\"bc39cbd\"><style>.stk-bc39cbd {align-self:center !important;}.stk-bc39cbd-inner-blocks{justify-content:center !important;}@media screen and (min-width:690px){.stk-bc39cbd {flex:var(--stk-flex-grow, 1) 1 calc(60% - var(--stk-column-gap, 0px) * 2 \/ 3 ) !important;}}<\/style><div class=\"stk-column-wrapper stk-block-column__content stk-container stk-bc39cbd-container stk--no-background stk--no-padding\"><div class=\"stk--column-flex stk-block-content stk-inner-blocks stk-bc39cbd-inner-blocks\">\n<p class=\"has-text-align-center has-palette-color-4-color has-palette-color-7-background-color has-text-color has-background has-link-color has-medium-font-size wp-elements-28e7ad455479178291dcf2fc90e7ce52\" style=\"border-radius:0px;padding-top:var(--wp--preset--spacing--20);padding-bottom:var(--wp--preset--spacing--20)\"><img decoding=\"async\" width=\"25\" height=\"25\" class=\"wp-image-4260\" style=\"width: 25px;\" src=\"https:\/\/conatel.gob.ve\/wp-content\/uploads\/2024\/11\/descargar2.png\" alt=\"\"> <strong>31 de Diciembre 2017-2016<\/strong><\/p>\n<\/div><\/div><\/div>\n\n\n\n<div class=\"wp-block-stackable-column stk-block-column stk-column stk-block stk-5c57aa8\" data-v=\"4\" data-block-id=\"5c57aa8\"><style>@media screen and (min-width:690px){.stk-5c57aa8 {flex:var(--stk-flex-grow, 1) 1 calc(25% - var(--stk-column-gap, 0px) * 2 \/ 3 ) !important;}}<\/style><div class=\"stk-column-wrapper stk-block-column__content stk-container stk-5c57aa8-container stk--no-background stk--no-padding\"><div class=\"stk-block-content stk-inner-blocks stk-5c57aa8-inner-blocks\">\n<div class=\"wp-block-file aligncenter has-palette-color-1-background-color has-background has-link-color wp-elements-17cd9c17c4230b0fc624e884e5aa7405\" style=\"border-radius:20px;margin-top:var(--wp--preset--spacing--30);margin-right:0;margin-bottom:var(--wp--preset--spacing--30);margin-left:0;padding-top:var(--wp--preset--spacing--20);padding-right:0;padding-bottom:var(--wp--preset--spacing--20);padding-left:0\"><a id=\"wp-block-file--media-4116a6d6-1781-46a9-ba4c-bf8ccad6cd93\" href=\"https:\/\/conatel.gob.ve\/wp-content\/uploads\/2025\/03\/EDOS-FINANCIEROS-DICTAMEN-CONTADORES-PUBLICOS-AL-31-DE-DICIEMBRE-DE-2017-Y-2016.pdf\" target=\"_blank\" rel=\"noreferrer noopener\">Descargar Archivo<img decoding=\"async\" width=\"25\" height=\"25\" class=\"wp-image-4270\" style=\"width: 25px;\" src=\"https:\/\/conatel.gob.ve\/wp-content\/uploads\/2024\/11\/descargar4.png\" alt=\"\"><\/a><\/div>\n<\/div><\/div><\/div>\n\n\n\n<div class=\"wp-block-stackable-column stk-block-column stk-column stk-block stk-bfa7192\" data-v=\"4\" data-block-id=\"bfa7192\"><style>@media screen and (min-width:690px){.stk-bfa7192 {flex:var(--stk-flex-grow, 1) 1 calc(15.000000000000007% - var(--stk-column-gap, 0px) * 2 \/ 3 ) !important;}}<\/style><div class=\"stk-column-wrapper stk-block-column__content stk-container stk-bfa7192-container stk--no-background stk--no-padding\"><div class=\"stk-block-content stk-inner-blocks stk-bfa7192-inner-blocks\"><\/div><\/div><\/div>\n<\/div><\/div>\n\n\n\n<div class=\"wp-block-stackable-columns stk-block-columns stk-block stk-e90cec5 stk-block-background\" data-block-id=\"e90cec5\"><style>.stk-e90cec5 {background-color:#e9e9ec !important;border-top-left-radius:20px !important;border-top-right-radius:20px !important;border-bottom-right-radius:20px !important;border-bottom-left-radius:20px !important;overflow:hidden !important;margin-bottom:10px !important;}.stk-e90cec5:before{background-color:#e9e9ec !important;}<\/style><div class=\"stk-row stk-inner-blocks stk-block-content stk-content-align stk-e90cec5-column\">\n<div class=\"wp-block-stackable-column stk-block-column stk-column stk-block stk-c048949\" data-v=\"4\" data-block-id=\"c048949\"><style>.stk-c048949 {align-self:center !important;}.stk-c048949-inner-blocks{justify-content:center !important;}@media screen and (min-width:690px){.stk-c048949 {flex:var(--stk-flex-grow, 1) 1 calc(60% - var(--stk-column-gap, 0px) * 2 \/ 3 ) !important;}}<\/style><div class=\"stk-column-wrapper stk-block-column__content stk-container stk-c048949-container stk--no-background stk--no-padding\"><div class=\"stk--column-flex stk-block-content stk-inner-blocks stk-c048949-inner-blocks\">\n<p class=\"has-text-align-center has-palette-color-4-color has-palette-color-7-background-color has-text-color has-background has-link-color has-medium-font-size wp-elements-1e381c07a7867c628397b1679a37adec\" style=\"border-radius:0px;padding-top:var(--wp--preset--spacing--20);padding-bottom:var(--wp--preset--spacing--20)\"><img decoding=\"async\" width=\"25\" height=\"25\" class=\"wp-image-4260\" style=\"width: 25px;\" src=\"https:\/\/conatel.gob.ve\/wp-content\/uploads\/2024\/11\/descargar2.png\" alt=\"\"> <strong>31 de Diciembre 2018-2017<\/strong><\/p>\n<\/div><\/div><\/div>\n\n\n\n<div class=\"wp-block-stackable-column stk-block-column stk-column stk-block stk-c818886\" data-v=\"4\" data-block-id=\"c818886\"><style>@media screen and (min-width:690px){.stk-c818886 {flex:var(--stk-flex-grow, 1) 1 calc(25% - var(--stk-column-gap, 0px) * 2 \/ 3 ) !important;}}<\/style><div class=\"stk-column-wrapper stk-block-column__content stk-container stk-c818886-container stk--no-background stk--no-padding\"><div class=\"stk-block-content stk-inner-blocks stk-c818886-inner-blocks\">\n<div class=\"wp-block-file aligncenter has-palette-color-1-background-color has-background has-link-color wp-elements-0644a24cfdb977afca79d40ac756933d\" style=\"border-radius:20px;margin-top:var(--wp--preset--spacing--30);margin-right:0;margin-bottom:var(--wp--preset--spacing--30);margin-left:0;padding-top:var(--wp--preset--spacing--20);padding-right:0;padding-bottom:var(--wp--preset--spacing--20);padding-left:0\"><a id=\"wp-block-file--media-5e1b80e6-a20b-434b-91d6-72e115b98755\" href=\"https:\/\/conatel.gob.ve\/wp-content\/uploads\/2025\/03\/EDOS-FINANCIEROS-DICTAMEN-CONTADORES-PUBLICOS-AL-31-DE-DICIEMBRE-DE-2018-Y-2017.pdf\" target=\"_blank\" rel=\"noreferrer noopener\">Descargar Archivo<img decoding=\"async\" width=\"25\" height=\"25\" class=\"wp-image-4270\" style=\"width: 25px;\" src=\"https:\/\/conatel.gob.ve\/wp-content\/uploads\/2024\/11\/descargar4.png\" alt=\"\"><\/a><\/div>\n<\/div><\/div><\/div>\n\n\n\n<div class=\"wp-block-stackable-column stk-block-column stk-column stk-block stk-108213e\" data-v=\"4\" data-block-id=\"108213e\"><style>@media screen and (min-width:690px){.stk-108213e {flex:var(--stk-flex-grow, 1) 1 calc(15.000000000000007% - var(--stk-column-gap, 0px) * 2 \/ 3 ) !important;}}<\/style><div class=\"stk-column-wrapper stk-block-column__content stk-container stk-108213e-container stk--no-background stk--no-padding\"><div class=\"stk-block-content stk-inner-blocks stk-108213e-inner-blocks\"><\/div><\/div><\/div>\n<\/div><\/div>\n\n\n\n<div class=\"wp-block-stackable-columns stk-block-columns stk-block stk-0595daa stk-block-background\" data-block-id=\"0595daa\"><style>.stk-0595daa {background-color:#e9e9ec !important;border-top-left-radius:20px !important;border-top-right-radius:20px !important;border-bottom-right-radius:20px !important;border-bottom-left-radius:20px !important;overflow:hidden !important;margin-bottom:10px !important;}.stk-0595daa:before{background-color:#e9e9ec !important;}<\/style><div class=\"stk-row stk-inner-blocks stk-block-content stk-content-align stk-0595daa-column\">\n<div class=\"wp-block-stackable-column stk-block-column stk-column stk-block stk-8efb4b2\" data-v=\"4\" data-block-id=\"8efb4b2\"><style>.stk-8efb4b2 {align-self:center !important;}.stk-8efb4b2-inner-blocks{justify-content:center !important;}@media screen and (min-width:690px){.stk-8efb4b2 {flex:var(--stk-flex-grow, 1) 1 calc(60% - var(--stk-column-gap, 0px) * 2 \/ 3 ) !important;}}<\/style><div class=\"stk-column-wrapper stk-block-column__content stk-container stk-8efb4b2-container stk--no-background stk--no-padding\"><div class=\"stk--column-flex stk-block-content stk-inner-blocks stk-8efb4b2-inner-blocks\">\n<p class=\"has-text-align-center has-palette-color-4-color has-palette-color-7-background-color has-text-color has-background has-link-color has-medium-font-size wp-elements-9476f102741143c04a6eb78ac7773674\" style=\"border-radius:0px;padding-top:var(--wp--preset--spacing--20);padding-bottom:var(--wp--preset--spacing--20)\"><img decoding=\"async\" width=\"25\" height=\"25\" class=\"wp-image-4260\" style=\"width: 25px;\" src=\"https:\/\/conatel.gob.ve\/wp-content\/uploads\/2024\/11\/descargar2.png\" alt=\"\"> <strong>31 de Diciembre 2019-2018<\/strong><\/p>\n<\/div><\/div><\/div>\n\n\n\n<div class=\"wp-block-stackable-column stk-block-column stk-column stk-block stk-70f7449\" data-v=\"4\" data-block-id=\"70f7449\"><style>@media screen and (min-width:690px){.stk-70f7449 {flex:var(--stk-flex-grow, 1) 1 calc(25% - var(--stk-column-gap, 0px) * 2 \/ 3 ) !important;}}<\/style><div class=\"stk-column-wrapper stk-block-column__content stk-container stk-70f7449-container stk--no-background stk--no-padding\"><div class=\"stk-block-content stk-inner-blocks stk-70f7449-inner-blocks\">\n<div class=\"wp-block-file aligncenter has-palette-color-1-background-color has-background has-link-color wp-elements-6e84d023ecb711e8a26d513bc6da68a8\" style=\"border-radius:20px;margin-top:var(--wp--preset--spacing--30);margin-right:0;margin-bottom:var(--wp--preset--spacing--30);margin-left:0;padding-top:var(--wp--preset--spacing--20);padding-right:0;padding-bottom:var(--wp--preset--spacing--20);padding-left:0\"><a id=\"wp-block-file--media-51cd72e3-f124-450f-bdf4-0676e7a07515\" href=\"https:\/\/conatel.gob.ve\/wp-content\/uploads\/2025\/03\/EDOS-FINANCIEROS-DICTAMEN-CONTADORES-PUBLICOS-AL-31-DE-DICIEMBRE-DE-2019-Y-2018.pdf\" target=\"_blank\" rel=\"noreferrer noopener\">Descargar Archivo<img decoding=\"async\" width=\"25\" height=\"25\" class=\"wp-image-4270\" style=\"width: 25px;\" src=\"https:\/\/conatel.gob.ve\/wp-content\/uploads\/2024\/11\/descargar4.png\" alt=\"\"><\/a><\/div>\n<\/div><\/div><\/div>\n\n\n\n<div class=\"wp-block-stackable-column stk-block-column stk-column stk-block stk-ecc2d03\" data-v=\"4\" data-block-id=\"ecc2d03\"><style>@media screen and (min-width:690px){.stk-ecc2d03 {flex:var(--stk-flex-grow, 1) 1 calc(15.000000000000007% - var(--stk-column-gap, 0px) * 2 \/ 3 ) !important;}}<\/style><div class=\"stk-column-wrapper stk-block-column__content stk-container stk-ecc2d03-container stk--no-background stk--no-padding\"><div class=\"stk-block-content stk-inner-blocks stk-ecc2d03-inner-blocks\"><\/div><\/div><\/div>\n<\/div><\/div>\n\n\n\n<div class=\"wp-block-stackable-columns stk-block-columns stk-block stk-f891bcc stk-block-background\" data-block-id=\"f891bcc\"><style>.stk-f891bcc {background-color:#e9e9ec !important;border-top-left-radius:20px !important;border-top-right-radius:20px !important;border-bottom-right-radius:20px !important;border-bottom-left-radius:20px !important;overflow:hidden !important;}.stk-f891bcc:before{background-color:#e9e9ec !important;}<\/style><div class=\"stk-row stk-inner-blocks stk-block-content stk-content-align stk-f891bcc-column\">\n<div class=\"wp-block-stackable-column stk-block-column stk-column stk-block stk-ae78c27\" data-v=\"4\" data-block-id=\"ae78c27\"><style>.stk-ae78c27 {align-self:center !important;}.stk-ae78c27-inner-blocks{justify-content:center !important;}@media screen and (min-width:690px){.stk-ae78c27 {flex:var(--stk-flex-grow, 1) 1 calc(60% - var(--stk-column-gap, 0px) * 2 \/ 3 ) !important;}}<\/style><div class=\"stk-column-wrapper stk-block-column__content stk-container stk-ae78c27-container stk--no-background stk--no-padding\"><div class=\"stk--column-flex stk-block-content stk-inner-blocks stk-ae78c27-inner-blocks\">\n<p class=\"has-text-align-center has-palette-color-4-color has-palette-color-7-background-color has-text-color has-background has-link-color has-medium-font-size wp-elements-327a5cc6737fa59e02199845efe4d939\" style=\"border-radius:0px;padding-top:var(--wp--preset--spacing--20);padding-bottom:var(--wp--preset--spacing--20)\"><img decoding=\"async\" width=\"25\" height=\"25\" class=\"wp-image-4260\" style=\"width: 25px;\" src=\"https:\/\/conatel.gob.ve\/wp-content\/uploads\/2024\/11\/descargar2.png\" alt=\"\"> <strong>31 de Diciembre 2020-2019<\/strong><\/p>\n<\/div><\/div><\/div>\n\n\n\n<div class=\"wp-block-stackable-column stk-block-column stk-column stk-block stk-54eba29\" data-v=\"4\" data-block-id=\"54eba29\"><style>@media screen and (min-width:690px){.stk-54eba29 {flex:var(--stk-flex-grow, 1) 1 calc(25% - var(--stk-column-gap, 0px) * 2 \/ 3 ) !important;}}<\/style><div class=\"stk-column-wrapper stk-block-column__content stk-container stk-54eba29-container stk--no-background stk--no-padding\"><div class=\"stk-block-content stk-inner-blocks stk-54eba29-inner-blocks\">\n<div class=\"wp-block-file aligncenter has-palette-color-1-background-color has-background has-link-color wp-elements-d3e79139d2982f0a7c4252390e66e462\" style=\"border-radius:20px;margin-top:var(--wp--preset--spacing--30);margin-right:0;margin-bottom:var(--wp--preset--spacing--30);margin-left:0;padding-top:var(--wp--preset--spacing--20);padding-right:0;padding-bottom:var(--wp--preset--spacing--20);padding-left:0\"><a id=\"wp-block-file--media-96716b03-80ab-4c82-9366-a75da6e57c62\" href=\"https:\/\/conatel.gob.ve\/wp-content\/uploads\/2025\/03\/EDOS-FINANCIEROS-DICTAMEN-CONTADORES-PUBLICOS-AL-31-DE-DICIEMBRE-DE-2020-Y-2019.pdf\" target=\"_blank\" rel=\"noreferrer noopener\">Descargar Archivo<img decoding=\"async\" width=\"25\" height=\"25\" class=\"wp-image-4270\" style=\"width: 25px;\" src=\"https:\/\/conatel.gob.ve\/wp-content\/uploads\/2024\/11\/descargar4.png\" alt=\"\"><\/a><\/div>\n<\/div><\/div><\/div>\n\n\n\n<div class=\"wp-block-stackable-column stk-block-column stk-column stk-block stk-e4b137a\" data-v=\"4\" data-block-id=\"e4b137a\"><style>@media screen and (min-width:690px){.stk-e4b137a {flex:var(--stk-flex-grow, 1) 1 calc(15.000000000000007% - var(--stk-column-gap, 0px) * 2 \/ 3 ) !important;}}<\/style><div class=\"stk-column-wrapper stk-block-column__content stk-container stk-e4b137a-container stk--no-background stk--no-padding\"><div class=\"stk-block-content stk-inner-blocks stk-e4b137a-inner-blocks\"><\/div><\/div><\/div>\n<\/div><\/div>\n<\/div><\/div><\/div>\n\n\n\n<div class=\"wp-block-stackable-column stk-block-column stk-column stk-block stk-c0b3ebd\" data-v=\"4\" role=\"tabpanel\" data-block-id=\"c0b3ebd\"><div class=\"stk-column-wrapper stk-block-column__content stk-container stk-c0b3ebd-container stk--no-background stk--no-padding\"><div class=\"stk-block-content stk-inner-blocks stk-c0b3ebd-inner-blocks\">\n<div class=\"wp-block-stackable-heading stk-block-heading stk-block-heading--v2 stk-block stk-aaf797f\" id=\"directorio-de-responsabilidad-social\" data-block-id=\"aaf797f\"><style>.stk-aaf797f {margin-bottom:2px !important;}.stk-aaf797f .stk-block-heading__text{font-size:20px !important;color:#2c5aa0 !important;}@media screen and (max-width:999px){.stk-aaf797f .stk-block-heading__text{font-size:20px !important;}}<\/style><h2 class=\"stk-block-heading__text has-text-color\">Directorio de Responsabilidad Social<\/h2><\/div>\n\n\n\n<p class=\"justificar has-medium-font-size\">La Ley de Responsabilidad Social en Radio, Televisi\u00f3n y Medios Electr\u00f3nicos, en su art\u00edculo n\u00famero 20, crea un Directorio de Responsabilidad Social, el cual estar\u00e1 integrado por el Director General de la Comisi\u00f3n Nacional de Telecomunicaciones, quien lo presidir\u00e1, y un representante por cada uno de los organismos siguientes: el ministerio u organismo con competencia en comunicaci\u00f3n e informaci\u00f3n, el ministerio u organismo con competencia en materia de cultura, el ministerio u organismo con competencia en educaci\u00f3n y deporte, el ente u organismo con competencia en materia de protecci\u00f3n al consumidor y al usuario, el Instituto Nacional de la Mujer, el Consejo Nacional de Derechos del Ni\u00f1o y del Adolescente, un representante por las iglesias, dos representantes de las organizaciones de los usuarios y usuarias inscritas ante la Comisi\u00f3n Nacional de Telecomunicaciones, y un docente en representaci\u00f3n de las escuelas de comunicaci\u00f3n social de las universidades nacionales.<br><br>Los titulares de cada ministerio u organismo del Estado, designar\u00e1n a su respectivo representante principal y su suplente. El representante principal y el suplente del Consejo Nacional de Derechos del Ni\u00f1o y del Adolescente, ser\u00e1n designados por sus integrantes. La representaci\u00f3n de las iglesias, de los usuarios y usuarias y de las escuelas de comunicaci\u00f3n social de las universidades nacionales, previstas en ese art\u00edculo, ser\u00e1 decidida en asamblea de cada sector convocada por la Comisi\u00f3n Nacional de Telecomunicaciones para tal fin, de conformidad con las normas respectivas para asegurar la representatividad de los miembros a ser elegidos. Los miembros suplentes del Directorio llenar\u00e1n las faltas temporales de sus respectivos principales. <br><br>El Directorio de Responsabilidad Social sesionar\u00e1 v\u00e1lidamente con la presencia del Presidente o su suplente y cinco de sus miembros. Las decisiones se tomar\u00e1n por mayor\u00eda simple. El Presidente del Directorio designar\u00e1 a un funcionario de la Comisi\u00f3n Nacional de Telecomunicaciones para que ejerza las funciones de secretario o secretaria del Directorio de Responsabilidad Social, sin derecho a voto. Mediante reglamento interno se establecer\u00e1n las dem\u00e1s normas de funcionamiento del Directorio.<\/p>\n<\/div><\/div><\/div>\n\n\n\n<div class=\"wp-block-stackable-column stk-block-column stk-column stk-block stk-b8d74b8\" data-v=\"4\" role=\"tabpanel\" data-block-id=\"b8d74b8\"><div class=\"stk-column-wrapper stk-block-column__content stk-container stk-b8d74b8-container stk--no-background stk--no-padding\"><div class=\"stk-block-content stk-inner-blocks stk-b8d74b8-inner-blocks\">\n<div class=\"wp-block-stackable-heading stk-block-heading stk-block-heading--v2 stk-block stk-875db24\" id=\"competencias-del-directorio\" data-block-id=\"875db24\"><style>.stk-875db24 {margin-bottom:1px !important;}.stk-875db24 .stk-block-heading__text{font-size:20px !important;color:#2c5aa0 !important;}@media screen and (max-width:999px){.stk-875db24 .stk-block-heading__text{font-size:20px !important;}}<\/style><h2 class=\"stk-block-heading__text has-text-color\">Competencias del Directorio<\/h2><\/div>\n\n\n\n<ul class=\"wp-block-list justificar\">\n<li class=\"has-medium-font-size\">Discutir y aprobar las normas t\u00e9cnicas derivadas de esta Ley.<\/li>\n\n\n\n<li class=\"has-medium-font-size\">Establecer e imponer las sanciones a que haya lugar de conformidad con esta Ley.<\/li>\n\n\n\n<li class=\"has-medium-font-size\">Discutir y aprobar las recomendaciones que se deban proponer a la persona titular del \u00f3rgano de adscripci\u00f3n de Conatel, en cuanto a la revocatoria de habilitaciones o la no renovaci\u00f3n de las concesiones.<\/li>\n\n\n\n<li class=\"has-medium-font-size\">Aprobar la erogaci\u00f3n de recursos del Fondo de Responsabilidad Social.<\/li>\n\n\n\n<li class=\"has-medium-font-size\">Otras derivadas de la<strong><a href=\"..\/wp-content\/uploads\/2024\/09\/leyrs06022014-1.pdf\" data-type=\"page\" data-id=\"2617\"> Ley de Responsabilidad Social en Radio, Televisi\u00f3n y Medios Electr\u00f3nicos<\/a><\/strong> y dem\u00e1s leyes de la naci\u00f3n.<\/li>\n<\/ul>\n<\/div><\/div><\/div>\n\n\n\n<div class=\"wp-block-stackable-column stk-block-column stk-column stk-block stk-23f3c71\" data-v=\"4\" role=\"tabpanel\" data-block-id=\"23f3c71\"><div class=\"stk-column-wrapper stk-block-column__content stk-container stk-23f3c71-container stk--no-background stk--no-padding\"><div class=\"stk-block-content stk-inner-blocks stk-23f3c71-inner-blocks\">\n<div class=\"wp-block-stackable-heading stk-block-heading stk-block-heading--v2 stk-block stk-98d7a69\" id=\"comunicados-del-directorio\" data-block-id=\"98d7a69\"><style>.stk-98d7a69 {margin-bottom:2px !important;}.stk-98d7a69 .stk-block-heading__text{font-size:20px !important;color:#2c5aa0 !important;}@media screen and (max-width:999px){.stk-98d7a69 .stk-block-heading__text{font-size:20px !important;}}<\/style><h2 class=\"stk-block-heading__text has-text-color\">Comunicados del Directorio<\/h2><\/div>\n\n\n\n<p class=\"justificar has-medium-font-size\">Comunicados, normas t\u00e9cnicas y providencias aprobadas por el Directorio de Responsabilidad Social en radio y televisi\u00f3n, en su condici\u00f3n de \u00f3rgano m\u00e1ximo de la Ley de Responsabilidad Social en Radio, Televisi\u00f3n y Medios Electr\u00f3nicos, y dirigidas a la colectividad nacional y a los medios de comunicaci\u00f3n que hacen uso del espectro radioel\u00e9ctrico venezolano, en el per\u00edodo 2014-2015<\/p>\n\n\n\n<div class=\"wp-block-file\"><a id=\"wp-block-file--media-e44bee9c-92ef-494e-8670-e0ffdcd9506f\" href=\"..\/wp-content\/uploads\/2024\/08\/01-DRS-Exhorto-a-la-paz.pdf\" target=\"_blank\" rel=\"noreferrer noopener\">\u25aa Exhorto a los medios radioel\u00e9ctricos a desarrollar sus actividades leg\u00edtimas en el marco de la Constituci\u00f3n y las leyes, y en la b\u00fasqueda de la paz<\/a><\/div>\n\n\n\n<div class=\"wp-block-file\"><a id=\"wp-block-file--media-b69a79bf-06d4-4b00-8741-3b652b44076b\" href=\"..\/wp-content\/uploads\/2024\/08\/02-DRS-Campana-de-agresiones.pdf\" target=\"_blank\" rel=\"noreferrer noopener\">\u25aa Exhorto al uso responsable del leg\u00edtimo derecho a la libertad de expresi\u00f3n y garantizar a nuestro pueblo informaci\u00f3n veraz y oportuna<\/a><\/div>\n\n\n\n<div class=\"wp-block-file\"><a id=\"wp-block-file--media-3b253d42-74cc-4da7-85b9-d2f2dad51870\" href=\"..\/wp-content\/uploads\/2024\/08\/03-DRS-Providencia-Esequibo.pdf\" target=\"_blank\" rel=\"noreferrer noopener\">\u25aa Exhorto para la representaci\u00f3n completa del mapa territorial de la Rep\u00fablica Bolivariana de Venezuela, en los t\u00e9rminos previstos en la Constituci\u00f3n Nacional<\/a><\/div>\n\n\n\n<div class=\"wp-block-file\"><a id=\"wp-block-file--media-17322caf-2893-4036-9e06-089a775804b8\" href=\"..\/wp-content\/uploads\/2024\/08\/04-DRS-Caso-Union-Radio.pdf\" target=\"_blank\" rel=\"noreferrer noopener\">\u25aa Rechazo a los conceptos emitidos en un espacio del Circuito \u00c9xitos Uni\u00f3n Radio, a trav\u00e9s del cual se realizaron graves ofensas a la figura presidencial, a la Fuerza Armada Nacional Bolivariana, y en general, a las instituciones de la Naci\u00f3n<\/a><\/div>\n<\/div><\/div><\/div>\n\n\n\n<div class=\"wp-block-stackable-column stk-block-column stk-column stk-block stk-2df41e2\" data-v=\"4\" role=\"tabpanel\" data-block-id=\"2df41e2\"><div class=\"stk-column-wrapper stk-block-column__content stk-container stk-2df41e2-container stk--no-background stk--no-padding\"><div class=\"stk-block-content stk-inner-blocks stk-2df41e2-inner-blocks\">\n<div class=\"wp-block-stackable-heading stk-block-heading stk-block-heading--v2 stk-block stk-9673eb2\" id=\"definicion\" data-block-id=\"9673eb2\"><style>.stk-9673eb2 {margin-bottom:0px !important;}.stk-9673eb2 .stk-block-heading__text{font-size:20px !important;color:#2c5aa0 !important;}@media screen and (max-width:999px){.stk-9673eb2 .stk-block-heading__text{font-size:20px !important;}}<\/style><h2 class=\"stk-block-heading__text has-text-color\">Definici\u00f3n<\/h2><\/div>\n\n\n\n<p class=\"justificar has-medium-font-size\">La Ley de Responsabilidad Social en Radio, Televisi\u00f3n y Medios Electr\u00f3nicos reconoce la libertad de los ciudadanos y ciudadanas de organizarse para promover sus derechos humanos comunicacionales, frente a los prestadores de servicio de radio y televisi\u00f3n y ante las autoridades p\u00fablicas. As\u00ed, en su art\u00edculo 12 contempla:<\/p>\n\n\n\n<blockquote class=\"wp-block-stackable-blockquote stk-block-blockquote stk-block stk-43ed761 is-style-default\" data-v=\"2\" data-block-id=\"43ed761\"><div class=\"has-text-align-left stk-block-blockquote__content stk-container stk-43ed761-container stk-hover-parent\"><div class=\"stk-block-content stk-inner-blocks\">\n<div class=\"wp-block-stackable-icon stk-block-icon stk-block stk-8b1c87f\" data-block-id=\"8b1c87f\"><span class=\"stk--svg-wrapper\"><div class=\"stk--inner-svg\"><svg style=\"height:0;width:0\"><defs><linearGradient id=\"linear-gradient-8b1c87f\" x1=\"0\" x2=\"100%\" y1=\"0\" y2=\"0\"><stop offset=\"0%\" style=\"stop-opacity:1;stop-color:var(--linear-gradient-8-b-1-c-87-f-color-1)\"><\/stop><stop offset=\"100%\" style=\"stop-opacity:1;stop-color:var(--linear-gradient-8-b-1-c-87-f-color-2)\"><\/stop><\/linearGradient><\/defs><\/svg><svg xmlns=\"http:\/\/www.w3.org\/2000\/svg\" viewBox=\"0 0 50 50\" aria-hidden=\"true\" width=\"32\" height=\"32\"><path d=\"M19.8 9.3C10.5 11.8 4.6 17 2.1 24.8c2.3-3.6 5.6-5.4 9.9-5.4 3.3 0 6 1.1 8.3 3.3 2.2 2.2 3.4 5 3.4 8.3 0 3.2-1.1 5.8-3.3 8-2.2 2.2-5.1 3.2-8.7 3.2-3.7 0-6.5-1.2-8.6-3.5C1 36.3 0 33.1 0 29 0 18.3 6.5 11.2 19.6 7.9l.2 1.4zm26.4 0C36.9 11.9 31 17 28.5 24.8c2.2-3.6 5.5-5.4 9.8-5.4 3.2 0 6 1.1 8.3 3.2 2.3 2.2 3.4 4.9 3.4 8.3 0 3.1-1.1 5.8-3.3 7.9-2.2 2.2-5.1 3.3-8.6 3.3-3.7 0-6.6-1.1-8.6-3.4-2.1-2.3-3.1-5.5-3.1-9.7 0-10.7 6.6-17.8 19.7-21.1l.1 1.4z\"><\/path><\/svg><\/div><\/span><\/div>\n\n\n\n<div class=\"wp-block-stackable-text stk-block-text stk-block stk-522561e\" data-block-id=\"522561e\"><p class=\"stk-block-text__text\"><em>Los usuarios y usuarias de los servicios de radio y televisi\u00f3n, con el objeto de promover y defender sus intereses y derechos comunicacionales, podr\u00e1n organizarse de cualquier forma l\u00edcita, entre otras, en organizaciones de usuarios y usuarias. (\u2026)<\/em><\/p><\/div>\n<\/div><\/div><\/blockquote>\n\n\n\n<p class=\"justificar has-medium-font-size\">En concordancia con esta norma, el art\u00edculo 2 de las Normas para el Registro de Organizaciones de Usuarias y Usuarios (OUU) de los Servicios de Telecomunicaciones establece que:<\/p>\n\n\n\n<blockquote class=\"wp-block-stackable-blockquote stk-block-blockquote stk-block stk-dd7becd is-style-default\" data-v=\"2\" data-block-id=\"dd7becd\"><div class=\"has-text-align-left stk-block-blockquote__content stk-container stk-dd7becd-container stk-hover-parent\"><div class=\"stk-block-content stk-inner-blocks\">\n<div class=\"wp-block-stackable-icon stk-block-icon stk-block stk-4b3c4ec\" data-block-id=\"4b3c4ec\"><span class=\"stk--svg-wrapper\"><div class=\"stk--inner-svg\"><svg style=\"height:0;width:0\"><defs><linearGradient id=\"linear-gradient-4b3c4ec\" x1=\"0\" x2=\"100%\" y1=\"0\" y2=\"0\"><stop offset=\"0%\" style=\"stop-opacity:1;stop-color:var(--linear-gradient-4-b-3-c-4-ec-color-1)\"><\/stop><stop offset=\"100%\" style=\"stop-opacity:1;stop-color:var(--linear-gradient-4-b-3-c-4-ec-color-2)\"><\/stop><\/linearGradient><\/defs><\/svg><svg xmlns=\"http:\/\/www.w3.org\/2000\/svg\" viewBox=\"0 0 50 50\" aria-hidden=\"true\" width=\"32\" height=\"32\"><path d=\"M19.8 9.3C10.5 11.8 4.6 17 2.1 24.8c2.3-3.6 5.6-5.4 9.9-5.4 3.3 0 6 1.1 8.3 3.3 2.2 2.2 3.4 5 3.4 8.3 0 3.2-1.1 5.8-3.3 8-2.2 2.2-5.1 3.2-8.7 3.2-3.7 0-6.5-1.2-8.6-3.5C1 36.3 0 33.1 0 29 0 18.3 6.5 11.2 19.6 7.9l.2 1.4zm26.4 0C36.9 11.9 31 17 28.5 24.8c2.2-3.6 5.5-5.4 9.8-5.4 3.2 0 6 1.1 8.3 3.2 2.3 2.2 3.4 4.9 3.4 8.3 0 3.1-1.1 5.8-3.3 7.9-2.2 2.2-5.1 3.3-8.6 3.3-3.7 0-6.6-1.1-8.6-3.4-2.1-2.3-3.1-5.5-3.1-9.7 0-10.7 6.6-17.8 19.7-21.1l.1 1.4z\"><\/path><\/svg><\/div><\/span><\/div>\n\n\n\n<div class=\"wp-block-stackable-text stk-block-text stk-block stk-d73acd8\" data-block-id=\"d73acd8\"><p class=\"stk-block-text__text\"><em>Las organizaciones de usuarios y usuarias de servicios de telecomunicaciones son asociaciones de inter\u00e9s p\u00fablico, sin fines de lucro, aut\u00f3nomas e independientes ante el Estado y los prestadores de servicios de telecomunicaciones, que tienen por objeto promover y defender los derechos humanos e intereses de sus integrantes, incluso los colectivos y difusos, de conformidad con la Constituci\u00f3n de la Rep\u00fablica Bolivariana de Venezuela, los Tratados internacionales y dem\u00e1s leyes y normas aplicables<\/em><\/p><\/div>\n<\/div><\/div><\/blockquote>\n\n\n\n<div class=\"wp-block-stackable-heading stk-block-heading stk-block-heading--v2 stk-block stk-edf180d\" id=\"caracteristicas\" data-block-id=\"edf180d\"><style>.stk-edf180d .stk-block-heading__text{font-size:20px !important;color:#2c5aa0 !important;}@media screen and (max-width:999px){.stk-edf180d .stk-block-heading__text{font-size:20px !important;}}<\/style><h2 class=\"stk-block-heading__text has-text-color\">Caracter\u00edsticas<\/h2><\/div>\n\n\n\n<p class=\"has-medium-font-size\"><strong>Son independientes y aut\u00f3nomas <\/strong><\/p>\n\n\n\n<p class=\"justificar has-medium-font-size\">Las OUU deben contar con la absoluta libertad para decidir por si mismas las acciones que pretendan ejercer y los m\u00e9todos que desea utilizar para alcanzar sus objetivos. Por ello, no deben estar supeditadas ni tener incidencias de los prestadores de servicios de radio y televisi\u00f3n o de las autoridades p\u00fablicas.<\/p>\n\n\n\n<p class=\"has-medium-font-size\"><strong>Son organizaciones de promoci\u00f3n y defensa de derechos humanos <\/strong><\/p>\n\n\n\n<p class=\"justificar has-medium-font-size\">La Constituci\u00f3n Nacional, los tratados internacionales sobre derechos humanos y la Ley de Responsabilidad Social en Radio, Televisi\u00f3n y Medios Electr\u00f3nicos reconocen los derechos humanos comunicacionales, tales como: la libertad, el derecho a la informaci\u00f3n, la protecci\u00f3n a los ni\u00f1os, ni\u00f1as y adolescentes. Las OUU tienen como objetivo central la defensa de estos derechos humanos frente a los prestadores de servicios de radio y televisi\u00f3n y ante las autoridades p\u00fablicas.<\/p>\n\n\n\n<p class=\"has-medium-font-size\"><strong>Son de inter\u00e9s p\u00fablico <\/strong><\/p>\n\n\n\n<p class=\"justificar has-medium-font-size\">Las OUU son asociaciones que persiguen el bien com\u00fan, a trav\u00e9s de la creaci\u00f3n de un nuevo modelo comunicacional que contribuya a la formaci\u00f3n ciudadana y a la construcci\u00f3n de una sociedad fundada en los principios democr\u00e1ticos y una cultura de derechos humanos. No est\u00e1n creadas para la defensa de derechos o intereses grupales o de determinados sectores, sino para la defensa de todos y todas, especialmente de grupos y colectivos que han sido v\u00edctimas de la discriminaci\u00f3n y excesos del Poder Medi\u00e1tico.<\/p>\n\n\n\n<p class=\"has-medium-font-size\"><strong>No tienen fines de lucro <\/strong><\/p>\n\n\n\n<p class=\"justificar has-medium-font-size\">Las OUU no tienen como finalidad producir ganancias o beneficios econ\u00f3micos, ni generar ingresos para sus integrantes. Se caracterizan por ser asociaciones fundadas en el trabajo voluntario y desinteresado en favor de la comunidad.<\/p>\n\n\n\n<div class=\"wp-block-stackable-heading stk-block-heading stk-block-heading--v2 stk-block stk-1fd01a0\" id=\"manual-para-organizacion-de-usuarios-y-usuarias\" data-block-id=\"1fd01a0\"><style>.stk-1fd01a0 {margin-bottom:0px !important;}.stk-1fd01a0 .stk-block-heading__text{font-size:20px !important;color:#2c5aa0 !important;}@media screen and (max-width:999px){.stk-1fd01a0 .stk-block-heading__text{font-size:20px !important;}}<\/style><h2 class=\"stk-block-heading__text has-text-color\">Manual para Organizaci\u00f3n de Usuarios y Usuarias<\/h2><\/div>\n\n\n\n<p class=\"justificar has-medium-font-size\">Este manual tiene por objeto servir de herramienta al movimiento popular en el fortalecimiento de la Cultura de participaci\u00f3n en los procesos de comunicaci\u00f3n y, en la avanzada hacia la consolidaci\u00f3n de la defensa de los derechos comunicacionales como parte de los derechos humanos fundamentales.<\/p>\n\n\n\n<div class=\"wp-block-file aligncenter\"><a id=\"wp-block-file--media-d5988053-6d76-415f-8413-ee7174fab16f\" href=\"..\/wp-content\/uploads\/2024\/08\/Manual-Comites-de-Usuarios.pdf\" target=\"_blank\" rel=\"noreferrer noopener\"><strong>Manual de las Organizaciones de Usuarios y Usuarias<\/strong><\/a><\/div>\n\n\n\n<div class=\"wp-block-stackable-heading stk-block-heading stk-block-heading--v2 stk-block stk-37487b0\" id=\"normativas-y-documentos\" data-block-id=\"37487b0\"><style>.stk-37487b0 {margin-bottom:3px !important;}.stk-37487b0 .stk-block-heading__text{font-size:20px !important;color:#2c5aa0 !important;}@media screen and (max-width:999px){.stk-37487b0 .stk-block-heading__text{font-size:20px !important;}}<\/style><h2 class=\"stk-block-heading__text has-text-color\">Normativas y Documentos<\/h2><\/div>\n\n\n\n<div class=\"wp-block-file\"><a id=\"wp-block-file--media-bc44d8a9-2af4-4214-8b6d-7595000b5cd9\" href=\"..\/wp-content\/uploads\/2024\/08\/Planillas-para-el-Registro-y-Actualizacion-de-las-OUU.pdf\" target=\"_blank\" rel=\"noreferrer noopener\">\u25aa Planillas para el Registro y Actualizaci\u00f3n de las Organizaciones de Usuarios y Usuarias<\/a><\/div>\n\n\n\n<div class=\"wp-block-file\"><a id=\"wp-block-file--media-4ea3f62a-5617-4fb4-b337-c196c265dead\" href=\"..\/wp-content\/uploads\/2024\/08\/Tipos-de-Declaraciones-Juradas-para-el-Registro-de-las-OUU.pdf\" target=\"_blank\" rel=\"noreferrer noopener\">\u25aa Tipos de Declaraciones Juradas para el Registro de las Organizaciones de Usuarios y Usuarias<\/a><\/div>\n\n\n\n<div class=\"wp-block-stackable-heading stk-block-heading stk-block-heading--v2 stk-block stk-2dae937\" id=\"organizaciones-registradas\" data-block-id=\"2dae937\"><style>.stk-2dae937 {margin-bottom:1px !important;}.stk-2dae937 .stk-block-heading__text{font-size:20px !important;color:#2c5aa0 !important;}@media screen and (max-width:999px){.stk-2dae937 .stk-block-heading__text{font-size:20px !important;}}<\/style><h2 class=\"stk-block-heading__text has-text-color\">Organizaciones registradas<\/h2><\/div>\n\n\n\n<p class=\"justificar has-medium-font-size\">Gracias a la Ley de Responsabilidad Social en Radio, Televisi\u00f3n y Medios Electr\u00f3nicos, por primera vez en la historia de nuestro pa\u00eds, las ciudadanas y ciudadanos dejan de ser considerados como simples espectadores y\/o receptores pasivos de los medios de comunicaci\u00f3n social (radio y televisi\u00f3n), y son reconocidos como actores sociales con derecho a incidir en la elaboraci\u00f3n, difusi\u00f3n y supervisi\u00f3n de los mensajes que se trasmiten a trav\u00e9s de estos servicios p\u00fablicos.<\/p>\n\n\n\n<div class=\"wp-block-file aligncenter\"><a id=\"wp-block-file--media-33ea5623-3314-4d0b-bf9f-60acdfe05315\" href=\"..\/wp-content\/uploads\/2024\/08\/Organizaciones-de-Usuarios-y-Usuarias-Registradas.xls\" target=\"_blank\" rel=\"noreferrer noopener\"><strong>Listado de Organizaciones de Usuarios y Usuarias registradas<\/strong><\/a><\/div>\n<\/div><\/div><\/div>\n<\/div><\/div>\n<\/div><\/div>\n<\/div><\/div><\/div>\n<\/div><\/div>\n\n\n\n<p><\/p>\n","protected":false},"excerpt":{"rendered":"<p>Fondo Informe Anual Directorio Competencias Comunicados Organizaci\u00f3n de Usuarios \u00bfQu\u00e9 es el Fondo de Responsabilidad Social? Fondo de Responsabilidad Social. Es el fondo de financiamiento de proyectos para el desarrollo y fomento de la producci\u00f3n nacional, de capacitaci\u00f3n de productores o productoras nacionales de obras audiovisuales o sonoras para radio y televisi\u00f3n, de educaci\u00f3n para [&hellip;]<\/p>\n","protected":false},"author":7,"featured_media":0,"parent":0,"menu_order":0,"comment_status":"closed","ping_status":"closed","template":"","meta":{"footnotes":""},"class_list":["post-18","page","type-page","status-publish","hentry"],"blocksy_meta":[],"_links":{"self":[{"href":"https:\/\/conatel.gob.ve\/index.php?rest_route=\/wp\/v2\/pages\/18","targetHints":{"allow":["GET"]}}],"collection":[{"href":"https:\/\/conatel.gob.ve\/index.php?rest_route=\/wp\/v2\/pages"}],"about":[{"href":"https:\/\/conatel.gob.ve\/index.php?rest_route=\/wp\/v2\/types\/page"}],"author":[{"embeddable":true,"href":"https:\/\/conatel.gob.ve\/index.php?rest_route=\/wp\/v2\/users\/7"}],"replies":[{"embeddable":true,"href":"https:\/\/conatel.gob.ve\/index.php?rest_route=%2Fwp%2Fv2%2Fcomments&post=18"}],"version-history":[{"count":168,"href":"https:\/\/conatel.gob.ve\/index.php?rest_route=\/wp\/v2\/pages\/18\/revisions"}],"predecessor-version":[{"id":5695,"href":"https:\/\/conatel.gob.ve\/index.php?rest_route=\/wp\/v2\/pages\/18\/revisions\/5695"}],"wp:attachment":[{"href":"https:\/\/conatel.gob.ve\/index.php?rest_route=%2Fwp%2Fv2%2Fmedia&parent=18"}],"curies":[{"name":"wp","href":"https:\/\/api.w.org\/{rel}","templated":true}]}}